{"id":309,"date":"2024-05-30T15:59:39","date_gmt":"2024-05-30T13:59:39","guid":{"rendered":"https:\/\/latisserie-lormes.fr\/?page_id=309"},"modified":"2024-07-25T10:58:05","modified_gmt":"2024-07-25T08:58:05","slug":"aider-a-lemergence-et-au-developpement-des-tiers-lieux","status":"publish","type":"page","link":"https:\/\/latisserie-lormes.fr\/index.php\/aider-a-lemergence-et-au-developpement-des-tiers-lieux\/","title":{"rendered":"Aider \u00e0 l&rsquo;\u00e9mergence et au d\u00e9veloppement des tiers-lieux"},"content":{"rendered":"\n<p><\/p>\n\n\n\n<p><strong>ICI Morvan : Manufacture locale de proximit\u00e9<\/strong><\/p>\n\n\n\n<p><strong>R\u00e9sum\u00e9 du projet :<\/strong><\/p>\n\n\n\n<p>ICI Morvan<a href=\"#_ftn1\" id=\"_ftnref1\">[1]<\/a> est une manufacture rurale, collaborative et solidaire, de production et de comp\u00e9tences de 600\u2009m\u00b2 au c\u0153ur de la Bourgogne, dans le quartier des moulins \u00e0 Lormes, petite ville du futur dans la Ni\u00e8vre.<\/p>\n\n\n\n<figure class=\"wp-block-image aligncenter size-full is-resized\"><img loading=\"lazy\" decoding=\"async\" width=\"442\" height=\"413\" src=\"https:\/\/latisserie-lormes.fr\/wp-content\/uploads\/2024\/05\/image-ici-morvan-moulin.jpg\" alt=\"\" class=\"wp-image-312\" style=\"width:300px\" srcset=\"https:\/\/latisserie-lormes.fr\/wp-content\/uploads\/2024\/05\/image-ici-morvan-moulin.jpg 442w, https:\/\/latisserie-lormes.fr\/wp-content\/uploads\/2024\/05\/image-ici-morvan-moulin-300x280.jpg 300w\" sizes=\"auto, (max-width: 442px) 100vw, 442px\" \/><\/figure>\n\n\n\n<p>Des r\u00e9sidences d&rsquo;artisans, d&rsquo;artisans d&rsquo;art, d&rsquo;artistes, designers : pour faire ensemble dans un cadre id\u00e9al <\/p>\n\n\n\n<ul class=\"wp-block-list\">\n<li>Pour faire, faire ensemble et apprendre \u00e0 faire<\/li>\n\n\n\n<li>Pour relancer une fili\u00e8re de production \u00ab made in Morvan \u00bb<\/li>\n\n\n\n<li>Pour pousser les entrepreneurs et les habitants \u00e0 produire et acheter local.<\/li>\n\n\n\n<li>ICI Morvan, notre raison d\u2019\u00eatre : permettre aux professionnels du \u00ab faire \u00bb<\/li>\n\n\n\n<li>De nourrir et diffuser leurs id\u00e9es et d\u2019en vivre.<\/li>\n<\/ul>\n\n\n\n<p>Gr\u00e2ce \u00e0 nos ateliers partag\u00e9s, nos machines professionnelles et num\u00e9riques mutualis\u00e9es, nos espaces de stockages, nos salles d\u2019assemblages, nos formations techniques &amp; ateliers \u00ab faire soi-m\u00eame \u00bb, nos services d\u2019accompagnement business et prototypage, la transmission et l\u2019entraide d\u2019une communaut\u00e9 aux dizaines de savoir-faire art(isanaux) + design + techno pr\u00e9sents en Morvan et sur l\u2019ensemble du territoire bourguignon et dans l\u2019\u00e9cosyst\u00e8me Make ICI.<\/p>\n\n\n\n<p>Des r\u00e9sidences d&rsquo;artisans, d&rsquo;artisans d&rsquo;art, d&rsquo;artistes, designers : pour faire ensemble dans un cadre id\u00e9al<\/p>\n\n\n\n<ul class=\"wp-block-list\">\n<li>pour faire, faire ensemble et apprendre \u00e0 faire<\/li>\n\n\n\n<li>pour relancer une fili\u00e8re de production \u00ab made in Morvan \u00bb<\/li>\n\n\n\n<li>pour pousser les entrepreneurs et les habitants \u00e0 produire et acheter local.<\/li>\n\n\n\n<li>ICI Morvan, notre raison d\u2019\u00eatre : permettre aux professionnels du \u00ab faire \u00bb<\/li>\n\n\n\n<li>de nourrir et diffuser leurs id\u00e9es et d\u2019en vivre.<\/li>\n<\/ul>\n\n\n\n<p>Gr\u00e2ce \u00e0 nos ateliers partag\u00e9s, nos machines professionnelles et num\u00e9riques mutualis\u00e9es, nos espaces de stockages, nos salles d\u2019assemblages, nos formations techniques &amp; ateliers \u00ab faire soi-m\u00eame \u00bb, nos services d\u2019accompagnement business et prototypage, la transmission et l\u2019entraide d\u2019une communaut\u00e9 aux dizaines de savoir-faire art(isanaux) + design + techno pr\u00e9sents en Morvan et sur l\u2019ensemble du territoire bourguignon et dans l\u2019\u00e9cosyst\u00e8me Make ICI.<\/p>\n\n\n\n<p>La nouveaut\u00e9 d\u2019ICI Morvan est de pouvoir accueillir, gr\u00e2ce \u00e0 un logement d\u2019une quinzaine de places :<\/p>\n\n\n\n<p>Des r\u00e9sidences d\u2019artisans d&rsquo;art, d\u2019artisans d\u2019art et d\u2019artistes : pour faire ensemble dans un cadre id\u00e9al<\/p>\n\n\n\n<p>Des s\u00e9minaires de travail : pouvant utiliser tout ou en partie les outils d\u2019ICI Morvan<\/p>\n\n\n\n<p>Organisme de formation, ICI Morvan accueille, forme et accompagne vers les m\u00e9tiers du FAIRE les personnes en recherche d\u2019avenir, en proposant des solutions pens\u00e9es pour chacun : formations pr\u00e9-qualifiantes, accompagnement \u00e0 l\u2019exp\u00e9rimentation entrepreneuriale, mont\u00e9e en comp\u00e9tence sur le num\u00e9rique (en partenariat avec d\u2019autres structures).<\/p>\n\n\n\n<p><strong>Dates clefs : <\/strong><\/p>\n\n\n\n<ul class=\"wp-block-list\">\n<li>Obtention du financement Manufacture de proximit\u00e9 : 2021<\/li>\n\n\n\n<li>Obtention du permis de construire : 2022<\/li>\n\n\n\n<li>D\u00e9p\u00f4t du dossier LEADER : D\u00e9p\u00f4t de lettre d&rsquo;intention en 2024<\/li>\n\n\n\n<li>D\u00e9but des travaux de r\u00e9novation des b\u00e2timents : Janvier 2024<\/li>\n\n\n\n<li>Reconduction en 2024 pour la troisi\u00e8me fois de la subvention de la R\u00e9gion Bourgogne Franche Comt\u00e9<\/li>\n\n\n\n<li>R\u00e9union publique le 5 avril 2024 \u00e0 la mairie<\/li>\n\n\n\n<li>Ouverture : pr\u00e9vue d\u00e9but novembre 2024<\/li>\n<\/ul>\n\n\n\n<p><strong>Activit\u00e9s r\u00e9alis\u00e9es :<\/strong><\/p>\n\n\n\n<p>Financement<\/p>\n\n\n\n<ul class=\"wp-block-list\">\n<li>Support pour r\u00e9daction appel \u00e0 projet (<a href=\"https:\/\/1drv.ms\/b\/s!AvkSecbiZOd1g4IUI5hi3kHpdlZnXQ?e=KljGRc\">lien<\/a>) + revue dossier d\u2019incubation \u00ab&nbsp;Manufacture de proximit\u00e9&nbsp;\u00bb (250k\u20ac obtenu) et Entreprendre au C\u0153ur des Territoires (0k\u20ac obtenu)<\/li>\n\n\n\n<li>Support pour la r\u00e9daction de la lettre d\u2019intention Leader<\/li>\n\n\n\n<li>Commande de 34k\u20ac dans le cadre du projet TL en EHPAD<\/li>\n<\/ul>\n\n\n\n<p>Communication<\/p>\n\n\n\n<ul class=\"wp-block-list\">\n<li>Actions de communication dans le cadre de f\u00eate des associations et des tiers-lieux en 2022, 2023 et 2024<\/li>\n\n\n\n<li>Actions de communication dans le cadre du projet tiers-lieux en EHPAD<\/li>\n\n\n\n<li>Action de communication au Festival VYV \u00e0 Dijon<\/li>\n\n\n\n<li>Cr\u00e9ation du plan de communication (<a href=\"https:\/\/lormes.sharepoint.com\/:w:\/s\/mairie\/EeHCIVV9EqhBtyT485nNnM8BijMrt06Oe5RMiEc-cHln_g?e=NpsfHE\">Lien<\/a>)<\/li>\n\n\n\n<li>Cr\u00e9ation du Symposium des m\u00e9tiers de l&rsquo;am\u00e9nagement :<\/li>\n\n\n\n<li>Int\u00e9gration dans le projet de boutique partag\u00e9e juin \u00e0 septembre 2024<\/li>\n\n\n\n<li>Mise en r\u00e9seau via le r\u00e9seau des tiers-lieux en Pays Nivernais Morvan et dans les ap\u00e9ros des tiers-lieux lormois<\/li>\n\n\n\n<li>Participation au Webinaire France Tiers-lieux<\/li>\n\n\n\n<li>Nombreuses communications \u00e9crites, audio et vid\u00e9os dans les journaux locaux et nationaux (voir la liste des communications en <a href=\"http:\/\/latisserie-lormes.fr\/index.php\/annexes\/\" data-type=\"page\" data-id=\"336\">Annexes<\/a>)<\/li>\n<\/ul>\n\n\n\n<p>Structuration et support au lancement<\/p>\n\n\n\n<ul class=\"wp-block-list\">\n<li>\u00c9valuation format SCIC ou autres formats : Support \u00e0 la r\u00e9flexion initiale<\/li>\n\n\n\n<li>Proposition d&rsquo;outils projet<\/li>\n\n\n\n<li>Int\u00e9gration de Make ICI Morvan dans les projets :<ul><li>Tiers-lieux en EHPAD<\/li><\/ul>\n<ul class=\"wp-block-list\">\n<li>Boutique partag\u00e9e<\/li>\n\n\n\n<li>Eco-habitat<\/li>\n<\/ul>\n<\/li>\n<\/ul>\n\n\n\n<p>&nbsp;<\/p>\n\n\n\n<hr class=\"wp-block-separator has-alpha-channel-opacity\"\/>\n\n\n\n<p><a href=\"#_ftnref1\" id=\"_ftn1\">[1]<\/a> <a href=\"https:\/\/makeici.org\/location-atelier\/ici-morvan\/\">ICI Morvan &#8211; Make Ici<\/a> : Site internet lien en date du 22\/04\/2024<\/p>\n\n\n\n<p><strong>Entreprise \u00e0 But d&rsquo;Emploi : Territoire Z\u00e9ro Ch\u00f4meurs de Longue Dur\u00e9e<\/strong><\/p>\n\n\n\n<p>Le projet Territoire Z\u00e9ro Ch\u00f4meur Longue Dur\u00e9e vise \u00e0 traiter le ch\u00f4mage longue dur\u00e9e de fa\u00e7on novatrice, dans le cadre d\u2019une initiative lanc\u00e9e il y a plusieurs ann\u00e9es par ATD-Quart Monde conjuguant d\u00e9veloppement \u00e9conomique d\u2019un territoire, lien social et suppression du ch\u00f4mage de longue dur\u00e9e, et transf\u00e9rant le co\u00fbt social du ch\u00f4mage de longue dur\u00e9e vers des emplois en CDI pour r\u00e9pondre \u00e0 des besoins locaux non satisfaits.&nbsp;<\/p>\n\n\n\n<p>Le projet du territoire des Portes du Morvan (ancien canton de Lormes &#8211; 3400 habitants), initi\u00e9 localement en 2019, a \u00e9t\u00e9 habilit\u00e9 en Juin 2022. Le 2 novembre 2022, l\u2019Entreprise \u00e0 But d\u2019Emplois (EBE) des Portes du Morvan a embauch\u00e9 11 premiers salari\u00e9s pour produire des services et des travaux utiles au territoire, notamment dans les secteurs d\u2019activit\u00e9s suivants : espaces verts ; mobilit\u00e9 des personnes et des biens ; transition \u00e9cologique ; conciergerie.&nbsp;&nbsp;Site Web : <a href=\"https:\/\/ras.tz\/\" target=\"_blank\" rel=\"noreferrer noopener\">Accueil &#8211; EBE des portes du Morvan (ras.tz)<\/a> en date du 22\/04\/2024&nbsp;<\/p>\n\n\n\n<figure class=\"wp-block-image size-full is-resized\"><img loading=\"lazy\" decoding=\"async\" width=\"755\" height=\"333\" src=\"https:\/\/latisserie-lormes.fr\/wp-content\/uploads\/2024\/05\/EBE.jpg\" alt=\"\" class=\"wp-image-317\" style=\"width:749px;height:auto\" srcset=\"https:\/\/latisserie-lormes.fr\/wp-content\/uploads\/2024\/05\/EBE.jpg 755w, https:\/\/latisserie-lormes.fr\/wp-content\/uploads\/2024\/05\/EBE-300x132.jpg 300w\" sizes=\"auto, (max-width: 755px) 100vw, 755px\" \/><\/figure>\n\n\n\n<p><strong>Activit\u00e9s r\u00e9alis\u00e9es :&nbsp;<\/strong><\/p>\n\n\n\n<p>Support au d\u00e9veloppement\u202f:&nbsp;&nbsp;<\/p>\n\n\n\n<ul class=\"wp-block-list\">\n<li>Mission d&rsquo;\u00e9valuation de l&rsquo;association et proposition de plan d\u2019am\u00e9lioration dans le cadre du projet Public Factory<\/li>\n<\/ul>\n\n\n\n<p>Support pour la veille financi\u00e8re (dont appel \u00e0 projet) :&nbsp;&nbsp;<\/p>\n\n\n\n<ul class=\"wp-block-list\">\n<li>Pr\u00e9paration d&rsquo;un dossier et premier contact avec la fondation RTE pour un financement de 50k\u20ac (non d\u00e9pos\u00e9)&nbsp;<\/li>\n\n\n\n<li>Contact avec divers financeurs (Garage Solidaire, R\u00e9gion, ADEME)&nbsp;&nbsp;<\/li>\n<\/ul>\n\n\n\n<p>Communication :&nbsp;&nbsp;<\/p>\n\n\n\n<ul class=\"wp-block-list\">\n<li>Nombreuses communications \u00e9crites, audio et vid\u00e9os dans les journaux locaux et nationaux dans le cadre de la Tisserie (<a href=\"https:\/\/latisserie-lormes.fr\/index.php\/annexes\/\" data-type=\"page\" data-id=\"336\">Annexes<\/a>)<\/li>\n\n\n\n<li>Actions de communication dans le cadre de f\u00eate des associations et des tiers-lieux en 2022, 2023 et 2024&nbsp;<\/li>\n<\/ul>\n\n\n\n<p><strong>Mission Num\u00e9rique du Pays Nivernais Morvan <\/strong><\/p>\n\n\n\n<p><strong>R\u00e9sum\u00e9 du projet&nbsp;<\/strong>&nbsp;<\/p>\n\n\n\n<p>Situ\u00e9e \u00e0 Lormes, route d\u2019Avallon, la mission num\u00e9rique exerce depuis bient\u00f4t 20 ans son r\u00f4le d\u2019acc\u00e9l\u00e9rateur de la transition num\u00e9rique. Elle permet ainsi le t\u00e9l\u00e9travail avec la fibre mais \u00e9galement la cr\u00e9ation de designs gr\u00e2ce \u00e0 son Fablab num\u00e9rique. L\u2019apprentissage est \u00e9galement au c\u0153ur de ce tiers-lieu. Sur leur site internet, vous retrouverez toutes leurs offres, leurs horaires d\u2019ouverture ainsi que ses partenaires, comme le Fablab de Luzy par exemple.&nbsp;&nbsp;<\/p>\n\n\n\n<figure class=\"wp-block-image size-full is-resized\"><img loading=\"lazy\" decoding=\"async\" width=\"468\" height=\"260\" src=\"https:\/\/latisserie-lormes.fr\/wp-content\/uploads\/2024\/05\/Image-mission-site-web.png\" alt=\"\" class=\"wp-image-318\" style=\"width:750px;height:auto\" srcset=\"https:\/\/latisserie-lormes.fr\/wp-content\/uploads\/2024\/05\/Image-mission-site-web.png 468w, https:\/\/latisserie-lormes.fr\/wp-content\/uploads\/2024\/05\/Image-mission-site-web-300x167.png 300w\" sizes=\"auto, (max-width: 468px) 100vw, 468px\" \/><\/figure>\n\n\n\n<p>Site web : <a href=\"https:\/\/www.nivernaismorvan.net\/\" target=\"_blank\" rel=\"noreferrer noopener\">Lien<\/a>&nbsp;<\/p>\n\n\n\n<p>Vid\u00e9o : <a href=\"https:\/\/youtu.be\/0SgzYaCy89s\" target=\"_blank\" rel=\"noreferrer noopener\">Lien<\/a>&nbsp;<\/p>\n\n\n\n<p><strong>Activit\u00e9s r\u00e9alis\u00e9es :&nbsp;<\/strong>&nbsp;<\/p>\n\n\n\n<ul class=\"wp-block-list\">\n<li>Actions de communication dans le cadre de f\u00eate des associations et des tiers-lieux en 2022, 2023 et 2024&nbsp;<\/li>\n\n\n\n<li>Nombreuses communications \u00e9crites, audio et vid\u00e9os dans les journaux locaux et nationaux dans le cadre de la Tisserie en <a href=\"https:\/\/latisserie-lormes.fr\/index.php\/annexes\/\" data-type=\"page\" data-id=\"336\">Annexes<\/a>. <\/li>\n<\/ul>\n\n\n\n<ul class=\"wp-block-list\">\n<li>Organisation d&rsquo;une d\u00e9monstration de la gravure laser aux associations en mars 2024 \u00e0 la Mission Num\u00e9rique&nbsp;<\/li>\n\n\n\n<li>R\u00e9alisation d&rsquo;un sondage en partenariat avec DynamoLormes (association des artisans, commer\u00e7ants et prestataires de services \u00e0 Lormes) pour organiser des formations aux outils num\u00e9riques&nbsp;<\/li>\n\n\n\n<li>Rapprocher la Mission Num\u00e9rique du centre bourg : R\u00e9alisation d&rsquo;une \u00e9tude avec sondage aupr\u00e8s des habitant.e.s r\u00e9alis\u00e9e par Marine Barithel (Service Civique \u00e0 La Tisserie). Suite \u00e0 cette \u00e9tude, plusieurs axes de travail ont \u00e9t\u00e9 propos\u00e9s : \n<ul class=\"wp-block-list\">\n<li>Revoir la signal\u00e9tique communale  <\/li>\n\n\n\n<li>Communiquer sur le Fablab<\/li>\n\n\n\n<li>Int\u00e9grer la Mission Num\u00e9rique dans le projet de boutique partag\u00e9e<\/li>\n<\/ul>\n<\/li>\n<\/ul>\n\n\n\n<p><strong>Qu&rsquo;est-ce qu&rsquo;un fablab ?<\/strong><\/p>\n\n\n\n<p>Un Fablab est un laboratoire de fabrication num\u00e9rique qui mettent \u00e0 disposition du public des outils de fabrication assist\u00e9s par ordinateur. <\/p>\n\n\n\n<p><strong>Les machines du Fablab de Lormes<\/strong> : <\/p>\n\n\n\n<ul class=\"wp-block-list\">\n<li>D\u00e9coupe laser \/ graveuse laser : Cette machine d\u00e9coupe le bois, le plexiglas, le carton&#8230; Cette machine reproduit le mod\u00e8le sur le support \u00e0 partir d&rsquo;un logiciel informatique. La mati\u00e8re id\u00e9ale pour fabriquer un objet \u00e0 partir de la machine est le peuplier car il s&rsquo;agit d&rsquo;une mati\u00e8re facile \u00e0 d\u00e9couper. <\/li>\n\n\n\n<li>Imprimante 3D : Il s&rsquo;agit d&rsquo;un outil permettant la cr\u00e9ation d&rsquo;objets par empilement de couches successives. Ces objets sont pr\u00e9alablement cr\u00e9es sur un logiciel de conception informatique (vid\u00e9o) <\/li>\n\n\n\n<li>D\u00e9coupe vinyle : Un d\u00e9coupe vinyle est un outil assist\u00e9 par ordinateur qui d\u00e9coupent diff\u00e9rentes formes et lettres dans de fines feuilles plastifi\u00e9es autocollantes, les vinyles. (vid\u00e9o) <\/li>\n<\/ul>\n\n\n\n<p><strong>Quelques exemples de r\u00e9alisation :<\/strong><\/p>\n\n\n\n<figure class=\"wp-block-image size-large is-resized\"><img loading=\"lazy\" decoding=\"async\" width=\"576\" height=\"1024\" src=\"https:\/\/latisserie-lormes.fr\/wp-content\/uploads\/2024\/06\/20240619_164138-576x1024.jpg\" alt=\"\" class=\"wp-image-463\" style=\"width:256px;height:auto\" srcset=\"https:\/\/latisserie-lormes.fr\/wp-content\/uploads\/2024\/06\/20240619_164138-576x1024.jpg 576w, https:\/\/latisserie-lormes.fr\/wp-content\/uploads\/2024\/06\/20240619_164138-169x300.jpg 169w, https:\/\/latisserie-lormes.fr\/wp-content\/uploads\/2024\/06\/20240619_164138-768x1365.jpg 768w, https:\/\/latisserie-lormes.fr\/wp-content\/uploads\/2024\/06\/20240619_164138-864x1536.jpg 864w, https:\/\/latisserie-lormes.fr\/wp-content\/uploads\/2024\/06\/20240619_164138-1152x2048.jpg 1152w, https:\/\/latisserie-lormes.fr\/wp-content\/uploads\/2024\/06\/20240619_164138-scaled.jpg 1440w\" sizes=\"auto, (max-width: 576px) 100vw, 576px\" \/><\/figure>\n\n\n\n<p><strong>T\u00e9moignage d&rsquo;un usager <\/strong>: <\/p>\n\n\n\n<blockquote class=\"wp-block-quote is-layout-flow wp-block-quote-is-layout-flow\">\n<p>\u00ab\u00a0C&rsquo;est un club d&rsquo;\u00e9change o\u00f9 l&rsquo;on peut partager ses passions\u00a0\u00bb <\/p>\n\n\n\n<p>\u00ab\u00a0C&rsquo;est aussi un lieu d&rsquo;apprentissage o\u00f9 on d\u00e9couvre l&rsquo;utilisation de machines\u00a0\u00bb<\/p>\n<cite>Un usager r\u00e9gulier du Fablab de Lormes<\/cite><\/blockquote>\n\n\n\n<p><strong>Horaires du Fablab de Lormes : <\/strong><\/p>\n\n\n\n<p>Vous r\u00e9fl\u00e9chissez \u00e0 un objet n\u00e9cessitant l&rsquo;utilisation d&rsquo;une des machines du Fablab, le Fablab de Lormes est ouvert le mercredi de 14h \u00e0 18h. <\/p>\n\n\n\n<p>Vous pouvez \u00e9galement contacter Adeline Courault, responsable du fablab de Lormes au 03.86.22.51.42 ou \u00e0 l&rsquo;adresse contact@nivernaismorvan.net <\/p>\n\n\n\n<p><strong>Les adh\u00e9sions :<\/strong><\/p>\n\n\n\n<figure class=\"wp-block-image size-full\"><img loading=\"lazy\" decoding=\"async\" width=\"727\" height=\"153\" src=\"https:\/\/latisserie-lormes.fr\/wp-content\/uploads\/2024\/06\/Fl-tarifs.jpg\" alt=\"\" class=\"wp-image-454\" srcset=\"https:\/\/latisserie-lormes.fr\/wp-content\/uploads\/2024\/06\/Fl-tarifs.jpg 727w, https:\/\/latisserie-lormes.fr\/wp-content\/uploads\/2024\/06\/Fl-tarifs-300x63.jpg 300w\" sizes=\"auto, (max-width: 727px) 100vw, 727px\" \/><\/figure>\n\n\n\n<p><strong>Tiers-lieu en EHPAD : \u00ab\u00a0un coin comme \u00e0 la maison<\/strong>\u00ab\u00a0<\/p>\n\n\n\n<p><strong>R\u00e9sum\u00e9 du projet&nbsp;<\/strong>&nbsp;<\/p>\n\n\n\n<p>Ce programme n\u2019\u00e9tait pas pr\u00e9vu dans le dossier initial et a \u00e9t\u00e9 d\u00e9velopp\u00e9 sp\u00e9cifiquement par la Tisserie.&nbsp;<\/p>\n\n\n\n<p>L&rsquo;objectif global de ce projet est de <strong>redonner \u00e0 l&rsquo;EHPAD son r\u00f4le de \u201dMaison\u201d<\/strong> : un lieu o\u00f9 les r\u00e9sidents se sentent chez eux, entour\u00e9s. Un lieu qui leur permet de retrouver leur individualit\u00e9, le bien-\u00eatre et des relations privil\u00e9gi\u00e9es avec leur famille. Donner envie aux familles et aux Lormois de venir \u00e0 l&rsquo;EHPAD, c&rsquo;est \u00e0 dire positiver le lieu, parait n\u00e9cessaire.&nbsp;<\/p>\n\n\n\n<p>Pour cela, diff\u00e9rents sous-objectifs sont cibl\u00e9s dans ce projet :&nbsp;<\/p>\n\n\n\n<ul class=\"wp-block-list\">\n<li>&nbsp;Brasser les g\u00e9n\u00e9rations, les savoirs, les passions<\/li>\n\n\n\n<li>&nbsp;Renforcer la dynamique et les activit\u00e9s d\u00e9j\u00e0 en place pour proposer plus de contenu aux r\u00e9sidents&nbsp;<\/li>\n\n\n\n<li>&nbsp;R\u00e9unir les familles et Int\u00e9grer les familles \u00e0 la vie de l&rsquo;\u00e9tablissement et de leur proche.&nbsp;<\/li>\n\n\n\n<li>&nbsp;R\u00e9int\u00e9grer l&rsquo;\u00e9tablissement au tissu \u00e9conomique et social local, redonner le sentiment d&rsquo;utilit\u00e9 : En cr\u00e9ant une activit\u00e9 de production \u00e0 l&rsquo;EHPAD.&nbsp;<\/li>\n<\/ul>\n\n\n\n<p>Afin d&rsquo;atteindre ces objectifs, il est propos\u00e9 de <strong>r\u00e9nover deux espaces <\/strong>de l&rsquo;EHPAD. Ces travaux ont \u00e9t\u00e9 imagin\u00e9s collectivement, lors des \u00ab\u00a0caf\u00e9s des projets\u00a0\u00bb auxquels assistent des soignants, des dirigeants associatifs, des partenaires. Les travaux vont permettre de r\u00e9nover la salle polyvalente afin d&rsquo;en faire un lieu de diffusion culturelle, de cr\u00e9er une cuisine partag\u00e9e et une microbrasserie collaborative.&nbsp;&nbsp;<\/p>\n\n\n\n<p>Pr\u00e9sentation du projet : <a href=\"https:\/\/1drv.ms\/b\/s!AvkSecbiZOd1g5lKh8wq4FEU-m6W1w?e=2CV6Ko\" target=\"_blank\" rel=\"noreferrer noopener\">Lien<\/a>&nbsp;<\/p>\n\n\n\n<p>Brochure cuisine partag\u00e9e : <a href=\"https:\/\/lormes.sharepoint.com\/:p:\/r\/sites\/mairie\/_layouts\/15\/Doc.aspx?sourcedoc=%7BA6F87BC9-2B17-4D78-8952-B998D0C5041A%7D&amp;file=240412-Brochure%20Cuisine%20partagee-a.pptx&amp;action=edit&amp;mobileredirect=true&amp;wdsle=0\">lien <\/a><\/p>\n\n\n\n<div class=\"inherit-container-width wp-block-group is-layout-constrained wp-block-group-is-layout-constrained\">\n<div class=\"wp-block-columns is-layout-flex wp-container-core-columns-is-layout-28f84493 wp-block-columns-is-layout-flex\">\n<div class=\"wp-block-column is-layout-flow wp-block-column-is-layout-flow\" style=\"flex-basis:100%\">\n<figure class=\"wp-block-image size-full is-resized\"><img loading=\"lazy\" decoding=\"async\" width=\"505\" height=\"176\" src=\"https:\/\/latisserie-lormes.fr\/wp-content\/uploads\/2024\/05\/ESPACE-CUISINE-SALON-MICRO.png\" alt=\"\" class=\"wp-image-321\" style=\"width:325px;height:auto\" srcset=\"https:\/\/latisserie-lormes.fr\/wp-content\/uploads\/2024\/05\/ESPACE-CUISINE-SALON-MICRO.png 505w, https:\/\/latisserie-lormes.fr\/wp-content\/uploads\/2024\/05\/ESPACE-CUISINE-SALON-MICRO-300x105.png 300w\" sizes=\"auto, (max-width: 505px) 100vw, 505px\" \/><\/figure>\n<\/div>\n<\/div>\n<\/div>\n\n\n\n<div class=\"wp-block-columns are-vertically-aligned-bottom is-layout-flex wp-container-core-columns-is-layout-28f84493 wp-block-columns-is-layout-flex\">\n<div class=\"wp-block-column is-vertically-aligned-bottom is-layout-flow wp-block-column-is-layout-flow\" style=\"flex-basis:100%\">\n<figure class=\"wp-block-image size-full\"><img loading=\"lazy\" decoding=\"async\" width=\"237\" height=\"225\" src=\"https:\/\/latisserie-lormes.fr\/wp-content\/uploads\/2024\/05\/EHPAD-plan.png\" alt=\"\" class=\"wp-image-322\"\/><\/figure>\n<\/div>\n<\/div>\n\n\n\n<div class=\"inherit-container-width wp-block-group is-layout-constrained wp-block-group-is-layout-constrained\">\n<div class=\"wp-block-columns is-layout-flex wp-container-core-columns-is-layout-28f84493 wp-block-columns-is-layout-flex\">\n<div class=\"wp-block-column is-layout-flow wp-block-column-is-layout-flow\" style=\"flex-basis:100%\">\n<figure class=\"wp-block-image size-full is-resized\"><img loading=\"lazy\" decoding=\"async\" width=\"218\" height=\"158\" src=\"https:\/\/latisserie-lormes.fr\/wp-content\/uploads\/2024\/05\/Ehpad-photo-1.png\" alt=\"\" class=\"wp-image-320\" style=\"width:178px;height:auto\"\/><\/figure>\n<\/div>\n<\/div>\n<\/div>\n\n\n\n<p><strong>Activit\u00e9s R\u00e9alis\u00e9es :&nbsp;<\/strong>&nbsp;<\/p>\n\n\n\n<ul class=\"wp-block-list\">\n<li>Constitution du collectif et r\u00e9daction de l&rsquo;appel \u00e0 projet : Subvention de 150 k\u20ac obtenue en janvier 2022 pour r\u00e9nover la salle polyvalente de l&rsquo;EHPAD (projection des s\u00e9ances de cin\u00e9ma SceniQuaNon, exposition, animation diverses) et cr\u00e9er une cuisine partag\u00e9e et une microbrasserie dans les garages \u00e0 l&rsquo;entr\u00e9e du b\u00e2timent. Obtention de 50k\u20ac via le Fond National d&rsquo;Aide au D\u00e9veloppement des Territoires (FNADT) et 50k\u20ac via un fond du Groupement Hospitalier de Territoire (GHT)&nbsp;<\/li>\n<\/ul>\n\n\n\n<ul class=\"wp-block-list\">\n<li>Co-gestion du projet avec \u00c9lodie Sylvain, Directrice Adjointe dont organisation des comit\u00e9s de pilotage (voir les pr\u00e9sentations de suivi projet en <a href=\"http:\/\/latisserie-lormes.fr\/index.php\/annexes\/\" data-type=\"page\" data-id=\"336\">Annexes<\/a>)<\/li>\n\n\n\n<li>Mise en place et suivi des travaux de r\u00e9novation avec l&rsquo;\u00e9quipe administrative et technique de l&rsquo;EHPAD et de l&rsquo;association ABC Morvan (Amicale Brassage Coop\u00e9ratif Morvan)&nbsp;<\/li>\n\n\n\n<li>Mise en place de la gestion de la salle d&rsquo;animation, de la microbrasserie et de la cuisine partag\u00e9e (voir les liens vers les documents en <a href=\"http:\/\/latisserie-lormes.fr\/index.php\/annexes\/\" data-type=\"page\" data-id=\"336\">Annexes<\/a>)<\/li>\n\n\n\n<li>Actions pour la mise en place des communaut\u00e9s d&rsquo;utilisateurs des diff\u00e9rents espaces (voir les liens vers les documents en <a href=\"https:\/\/latisserie-lormes.fr\/index.php\/annexes\/\" data-type=\"page\" data-id=\"336\">Annexes<\/a> et nombreuses actions de communications (incluant les participations \u00e0 la f\u00eate des tiers-lieux 2022, 2023 et 2024, au stand du Festival VYV et autres communications)&nbsp;<\/li>\n\n\n\n<li>R\u00e9novation de la salle d\u2019animation et de la cuisine partag\u00e9e en partenariat avec ICI Morvan pour les parties menuiseries&nbsp;<\/li>\n<\/ul>\n\n\n\n<p><strong>Coll\u00e8ge de demain <\/strong><\/p>\n\n\n\n<p><strong>R\u00e9sum\u00e9 du projet :<\/strong>&nbsp;<\/p>\n\n\n\n<p>Ouvrir le Coll\u00e8ge en dehors des temps scolaires ? Lib\u00e9rer des cr\u00e9neaux pour que les \u00e9l\u00e8ves puissent d\u00e9couvrir de nouvelles activit\u00e9s ? Ce sont les objectifs du projet Coll\u00e8ge de Demain. Port\u00e9 par le Conseil D\u00e9partemental de la Ni\u00e8vre, le Coll\u00e8ge Paul Barreau a \u00e9t\u00e9 laur\u00e9at de cet appel \u00e0 projet. Depuis la rentr\u00e9e, chaque jour entre 13h et 13h50, les \u00e9l\u00e8ves du coll\u00e8ge peuvent choisir parmi les activit\u00e9s suivantes : Alphabets codes secrets et calligraphie ; Th\u00e9\u00e2tre, Webradio communication et presse, Association sportive, Arts plastiques, Citoyennet\u00e9 en actes, Chorale, Photographie.&nbsp;&nbsp;<\/p>\n\n\n\n<p>Ces activit\u00e9s doivent permettre de :&nbsp;&nbsp;<\/p>\n\n\n\n<ul class=\"wp-block-list\">\n<li>Renforcer la coh\u00e9sion au sein du coll\u00e8ge et du territoire,&nbsp;&nbsp;<\/li>\n\n\n\n<li>Renforcer le sentiment d\u2019appartenance (voire une fiert\u00e9) au coll\u00e8ge Paul Barreau et au territoire lormois,&nbsp;&nbsp;<\/li>\n\n\n\n<li>Favoriser l\u2019autonomie, l\u2019initiative et l\u2019ambition des \u00e9l\u00e8ves,&nbsp;&nbsp;<\/li>\n\n\n\n<li>Stimuler l\u2019imagination, la cr\u00e9ativit\u00e9, l\u2019implication et l\u2019enthousiasme des \u00e9l\u00e8ves et am\u00e9liorer leur r\u00e9ussite scolaire en cons\u00e9quence,&nbsp;&nbsp;<\/li>\n\n\n\n<li>D\u00e9velopper les talents des \u00e9l\u00e8ves,&nbsp;&nbsp;<\/li>\n\n\n\n<li>Faire participer les \u00e9l\u00e8ves \u00e0 l\u2019animation de la commune.&nbsp;<\/li>\n<\/ul>\n\n\n\n<p><strong>Les activit\u00e9s r\u00e9alis\u00e9es :&nbsp;<\/strong>&nbsp;<\/p>\n\n\n\n<p>Un collectif de partenaires a \u00e9t\u00e9 mis en place afin de r\u00e9pondre \u00e0 l&rsquo;appel \u00e0 projet du Conseil D\u00e9partemental de la Ni\u00e8vre. Le dossier a \u00e9t\u00e9 r\u00e9dig\u00e9 par Mme Chaix (Principale du Coll\u00e8ge en 2022-2023) avec le soutien de la Tisserie (<a href=\"https:\/\/lormes.sharepoint.com\/:b:\/s\/mairie\/EY3-OU1v2S5OjzoFf8cDTyMBPW_t88YgL1hlj_M93GRKpg?e=ZCWbbD\" target=\"_blank\" rel=\"noreferrer noopener\">lien<\/a>). Le projet a \u00e9t\u00e9 labellis\u00e9 par le d\u00e9partement&nbsp;<\/p>\n\n\n\n<p>Au 1<sup>er<\/sup> trimestre scolaire 2023-2024, 8 ateliers accueillirent chaque semaine 29 \u00e9l\u00e8ves pour un total de 50 participant.e.s.&nbsp;&nbsp;<\/p>\n\n\n\n<p>Une restitution des ateliers du 1<sup>er<\/sup> trimestre a \u00e9t\u00e9 organis\u00e9e, ainsi qu&rsquo;une pr\u00e9sentation des ateliers propos\u00e9s au 2<sup>\u00e8me<\/sup> trimestre. (<a href=\"https:\/\/lormes.sharepoint.com\/:b:\/s\/mairie\/ESEsCzrwOYlMtbJKzZmVlSoBpygPOv70jcREJnoBRbnVxA?e=64xIxG\" target=\"_blank\" rel=\"noreferrer noopener\">lien<\/a>)<\/p>\n\n\n\n<p>Au 2<sup>\u00e8me<\/sup> trimestre, certains ateliers ont \u00e9t\u00e9 reconduits.&nbsp;<\/p>\n\n\n\n<p>Pour l&rsquo;ann\u00e9e scolaire 2024 \u2013 2025, suite \u00e0 des discussions entre la principale du coll\u00e8ge et des enseignants, la mairie de Lormes et la Tisserie, un forum est organis\u00e9 par les \u00e9l\u00e8ves pour les \u00e9l\u00e8ves afin de d\u00e9terminer quelles activit\u00e9s ils souhaiteraient mettre en place.&nbsp;<\/p>\n\n\n\n<p><strong>Le Relai.s des Futurs<\/strong><\/p>\n\n\n\n<p><strong>R\u00e9sum\u00e9 du projet<\/strong>&nbsp;<\/p>\n\n\n\n<p>Une vie urbaine de qualit\u00e9 m\u00e9diocre, l&rsquo;accroissement du t\u00e9l\u00e9travail, une envie de se reconnecter \u00e0 la nature et de s&rsquo;inscrire dans la transition \u00e9cologique. Autant de raisons qui motivent de plus en plus de personnes \u00e0 vouloir transitionner vers une vie plus rurale. Mais pas toujours \u00e9vident de tout quitter du jour au lendemain.&nbsp;<\/p>\n\n\n\n<p><strong>Le Relai.s des Futurs propose d&rsquo;accompagner ces personnes dans leur transition.&nbsp;<\/strong>&nbsp;<\/p>\n\n\n\n<p>Le collectif met \u00e0 disposition des <strong>solutions d&rsquo;h\u00e9bergements<\/strong> qui s&rsquo;adaptent aux diff\u00e9rents besoins : court terme pour d\u00e9couvrir le Morvan, de type r\u00e9sidence secondaire partag\u00e9e pour profiter r\u00e9guli\u00e8rement des avantages de la ruralit\u00e9, de type r\u00e9sidence semi-principale pour faire du t\u00e9l\u00e9travail r\u00e9gulier ou de type r\u00e9sidence principale pour une transition d\u00e9finitive.&nbsp;<\/p>\n\n\n\n<figure class=\"wp-block-image size-full is-resized\"><img loading=\"lazy\" decoding=\"async\" width=\"494\" height=\"351\" src=\"https:\/\/latisserie-lormes.fr\/wp-content\/uploads\/2024\/06\/Relai-des-futurs-2-edited.jpg\" alt=\"\" class=\"wp-image-411\" style=\"width:386px;height:auto\" srcset=\"https:\/\/latisserie-lormes.fr\/wp-content\/uploads\/2024\/06\/Relai-des-futurs-2-edited.jpg 494w, https:\/\/latisserie-lormes.fr\/wp-content\/uploads\/2024\/06\/Relai-des-futurs-2-edited-300x213.jpg 300w\" sizes=\"auto, (max-width: 494px) 100vw, 494px\" \/><\/figure>\n\n\n\n<p>Le Relai.s des Futurs comprend un <strong>caf\u00e9 associatif<\/strong>, ouvert \u00e0 tous et pour accueillir des activit\u00e9s vari\u00e9es. Le collectif organise \u00e9galement des <strong>activit\u00e9s socio-culturelles<\/strong> et festives et aide ses membres \u00e0 lancer des activit\u00e9s en lien avec le territoire.&nbsp;&nbsp;<\/p>\n\n\n\n<p>L&rsquo;am\u00e9nagement et les activit\u00e9s r\u00e9alis\u00e9es invitent les membres du collectif et les visiteurs \u00e0 la r\u00e9flexion sur la <strong>transition \u00e9cologique<\/strong>.&nbsp;&nbsp;<\/p>\n\n\n\n<p>Cuisine et jardin partag\u00e9, une grande grange pour accueillir des spectacles, expositions et s\u00e9minaires : autant d&rsquo;occasions pour \u00eatre et faire ensemble dans la <strong>bienveillance et la convivialit\u00e9<\/strong>.&nbsp;<\/p>\n\n\n\n<p><strong>Activit\u00e9s r\u00e9alis\u00e9es :&nbsp;<\/strong>&nbsp;<\/p>\n\n\n\n<p>Le Relai.s des Futurs n&rsquo;a pas b\u00e9n\u00e9fici\u00e9 de support direct par le coordinateur de la Tisserie en raison de son appartenance \u00e0 l&rsquo;association, ceci afin d&rsquo;\u00e9viter tout conflit d&rsquo;int\u00e9r\u00eat.&nbsp;<\/p>\n\n\n\n<p>Le Relai.s a cependant b\u00e9n\u00e9ficier d&rsquo;actions indirectes comme :&nbsp;&nbsp;<\/p>\n\n\n\n<ul class=\"wp-block-list\">\n<li>Actions de communication dans le cadre de f\u00eate des associations et des tiers-lieux en 2022, 2023 et 2024&nbsp;<\/li>\n\n\n\n<li>Nombreuses communications \u00e9crites, audio et vid\u00e9os dans les journaux locaux et nationaux dans le cadre de la Tisserie (<a href=\"https:\/\/latisserie-lormes.fr\/index.php\/annexes\/\" data-type=\"page\" data-id=\"336\">Annexes<\/a>)<\/li>\n\n\n\n<li>Mission d&rsquo;\u00e9valuation de l&rsquo;association et proposition de plan de d\u00e9veloppement dans le cadre du projet Public Factory&nbsp;(<a href=\"http:\/\/230507-Rendu final Relai.s des Futurs corrige-b-public factory.pdf\">lien<\/a>)<\/li>\n<\/ul>\n\n\n\n<p>Depuis la cr\u00e9ation de l&rsquo;association le 2 avril 2022, des financements ont pu \u00eatre obtenus (sans support de La Tisserie) afin d&rsquo;avancer dans la r\u00e9novation des b\u00e2timents (total de 67 k\u20ac) :&nbsp;&nbsp;<\/p>\n\n\n\n<ul class=\"wp-block-list\">\n<li>Festival des solutions \u00e9cologiques R\u00e9gion Bourgogne Franche-Comt\u00e9 : 10 k\u20ac (2022)&nbsp;<\/li>\n\n\n\n<li>Budget participatif de la Ni\u00e8vre 2022 : 13k\u20ac (2022)&nbsp;<\/li>\n\n\n\n<li>MSA : 10k\u20ac (2023)&nbsp;&nbsp;<\/li>\n\n\n\n<li>Banque des Territoires : 15k\u20ac (2023)&nbsp;<\/li>\n\n\n\n<li>Appel \u00e0 Projet ESS du CD58 : 5k\u20ac (2023)&nbsp;<\/li>\n\n\n\n<li>Deffinov : 14k\u20ac (2023)&nbsp;<\/li>\n<\/ul>\n\n\n\n<p><strong>La Maison des Associations <\/strong><\/p>\n\n\n\n<p><strong>R\u00e9sum\u00e9 du projet :<\/strong>&nbsp;<\/p>\n\n\n\n<p>L\u2019histoire de la Maison des Associations (MdA) de Lormes est celle d\u2019un b\u00e2timent qui aurait d\u00fb \u00eatre ras\u00e9, et qui a trouv\u00e9 une nouvelle vocation en devenant un lieu ouvert aux activit\u00e9s associatives locales. Ilse situe en p\u00e9riph\u00e9rie de la commune, au sein de l\u2019\u00c9tablissement et Service d\u2019Aide par le Travail (ESAT) de Lormes, lieu d\u2019insertion par le travail des personnes porteuses de handicap. Le b\u00e2timent n\u2019\u00e9tait plus utilis\u00e9 depuis plusieurs ann\u00e9es lorsque la mairie a sollicit\u00e9, en 2011, la F\u00e9d\u00e9ration des \u0152uvres La\u00efques de la Ni\u00e8vre (FOL 58, gestionnaire de l\u2019ESAT et propri\u00e9taire du b\u00e2timent) afin qu\u2019il soit mis \u00e0 disposition des associations locales. La Maison des Associations avait ainsi vu le jour.&nbsp;<\/p>\n\n\n\n<p>La Maison des Associations, en fonctionnement de 2011 \u00e0 2019, a d\u00fb fermer en raison de probl\u00e8mes de toiture, mais \u00e9galement de la pand\u00e9mie de Covid-19. Les travaux sont toujours en cours. Avant sa fermeture, un nombre r\u00e9duit d\u2019associations avait int\u00e9gr\u00e9 le lieu, et le fonctionnement de la Maison des Associations n&rsquo;encourageait pas les dynamiques collectives et la mise en commun.&nbsp;<\/p>\n\n\n\n<p>La mission des \u00e9tudiants de la Public Factory a \u00e9t\u00e9 de repenser l\u2019organisation spatiale et technique de la MdA en tenant compte des besoins et attentes des diverses parties prenantes, \u00e0 savoir les associations, la mairie et l\u2019ESAT. Il s\u2019agissait d\u2019imaginer les nouveaux usages et le fonctionnement de ce lieu, pour faire coexister et collaborer toutes les associations et pour int\u00e9grer les r\u00e9sidents et travailleurs de l\u2019ESAT au projet. Plus largement, la r\u00e9flexion s\u2019est port\u00e9e sur la revitalisation d\u2019une logique de partage, d\u2019inclusivit\u00e9 et de convivialit\u00e9. <\/p>\n\n\n\n<p><strong>Activit\u00e9s r\u00e9alis\u00e9es :&nbsp;<\/strong>&nbsp;<\/p>\n\n\n\n<p>Le travail des \u00e9tudiants de la Public Factory a permis de concevoir de nouveaux espaces plus propices \u00e0 la coop\u00e9ration entre association (<a href=\"http:\/\/230505-Livrable final public factory.pdf\">lien<\/a>) . Des financements sont en cours de recherche afin de financer les travaux de r\u00e9novation.&nbsp;<\/p>\n\n\n\n<p><strong>Veille sur les sources de financement<\/strong><\/p>\n\n\n\n<p><em>Objectif : Aider les tiers-lieux \u00e0 identifier les financements possibles en faisant de la veille (au niveau national et r\u00e9gional). Aider les tiers-lieux \u00e0 faire leur dossier de demande de financements.<\/em>&nbsp;<\/p>\n\n\n\n<p>Une veille approfondie a \u00e9t\u00e9 mise en place, principalement avec l&rsquo;outil \u00ab\u00a0aides territoires\u00a0\u00bb et le site des aides de la R\u00e9gion Bourgogne Franche Comt\u00e9. Un tableau centralisant les possibilit\u00e9s de financement a \u00e9t\u00e9 cr\u00e9\u00e9 et mis \u00e0 jour r\u00e9guli\u00e8rement.&nbsp;<a href=\"https:\/\/aides-territoires.beta.gouv.fr\/\" target=\"_blank\" rel=\"noreferrer noopener\">Aides Territoires (beta.gouv.fr)<\/a> en date du 22\/04\/2024<\/p>\n\n\n\n<p><strong>R\u00e9sum\u00e9 des demandes de financement g\u00e9r\u00e9es par la Tisserie :&nbsp;<\/strong>&nbsp;<\/p>\n\n\n\n<p><strong>Demande de financements pour le projet tiers-lieux en EHPAD : <\/strong>150k\u20ac Caisse Nationals Solidarit\u00e9 Autonomie, 50k\u20ac Fond National d&rsquo;Aide au D\u00e9veloppement des Territoires (FNADT) et et 50k\u20ac via un fond du Groupement Hospitalier de Territoire (GHT) (Total 250k\u20ac)&nbsp;<\/p>\n\n\n\n<p><strong>Demande de subvention pour la rencontre annuelle des tiers-lieux<\/strong> en Pays Nivernais Morvan de Mars 2022 d&rsquo;un montant de 4.4k\u20ac. Demande accept\u00e9e.&nbsp;(<a href=\"https:\/\/lormes.sharepoint.com\/:b:\/s\/mairie\/EXfCZ1KZ5FxKlanbuNYNa4oBR7Z2fV5crVEq4kbTZ_mjdw?e=8EzEYj\" target=\"_blank\" rel=\"noreferrer noopener\">lien<\/a>)<\/p>\n\n\n\n<p><strong>Convention de revitalisation<\/strong> : Projet pour une alimentation locale et durable port\u00e9e par le Relai.s des Futurs, le centre social en partenariat avec le Programme Alimentaire Territorial<sup>18<\/sup>. Demande de 45k\u20ac. Projet non s\u00e9lectionn\u00e9.&nbsp;<\/p>\n\n\n\n<p><strong>Budget participatif du parc r\u00e9gional du Morvan <\/strong>: D\u00e9p\u00f4t d&rsquo;une demande associant le Relai.s des Futurs, le Centre Social et le Coll\u00e8ge pour des \u00e9quipements de jardinage en commun. Enveloppe de 500 \u00e0 3000\u20ac. Projet non s\u00e9lectionn\u00e9.&nbsp;<\/p>\n\n\n\n<p><strong>Demande de subvention pour la rencontre annuelle des tiers-lieux<\/strong> en Pays Nivernais Morvan du 5 avril 2024  (<a href=\"https:\/\/lormes.sharepoint.com\/:b:\/s\/mairie\/EZh-n-KkBbpCiutYF17KVfEBhp4h-G4OkCNhoPi5KFogPg?e=vznEZO\">en savoir +<\/a>) : Demande de 4,8k\u20ac faite \u00e0 Mme Racine sur le fond FNADT. Demande refus\u00e9e.&nbsp;<\/p>\n\n\n\n<p><strong>Demande de subvention pour la cr\u00e9ation d&rsquo;un stand d&rsquo;immersion<\/strong> num\u00e9rique montrant un nouvel art de vivre en ruralit\u00e9 (<a href=\"https:\/\/lormes.sharepoint.com\/:b:\/s\/mairie\/ERXQJvsj0edHtIhfqVaEYAkBPFBcOltnApA414P6wEcSHg?e=UfzhmE\">+ d&rsquo;infos ici <\/a>) : Demande de 4,4k\u20ac faite \u00e0 Mme Racine (SGAR) sur le fond FNADT. Premi\u00e8re exposition du stand au festival VYV. Demande refus\u00e9e.&nbsp;<\/p>\n\n\n\n<p><strong>Demande de Subvention pour l&rsquo;Et\u00e9 Culturel :<\/strong>&nbsp;<\/p>\n\n\n\n<ul class=\"wp-block-list\">\n<li>2022 : 10 000\u20ac obtenus&nbsp;<\/li>\n\n\n\n<li>2023 : 10 000\u20ac obtenus&nbsp;<\/li>\n\n\n\n<li>2024 : 8 000\u20ac obtenus&nbsp;<\/li>\n<\/ul>\n\n\n\n<p><strong>Demande faite par le Relai.s des Futurs<\/strong> : 67k\u20ac (voir section 4.1.6)&nbsp;<\/p>\n\n\n\n<p><strong>D\u00e9p\u00f4t du dossier de candidature pour DEFFINOV : <\/strong>Demande de 200k\u20ac pour la mise en place d&rsquo;un centre p\u00e9dagogique en archipel \u00e0 Lormes. Projet accept\u00e9 (<a href=\"https:\/\/lormes.sharepoint.com\/:b:\/s\/mairie\/ESXjWxkk8EZApz9VSn_hcysB0wrflNL12WMdLLJttQ6ACA?e=OVuQw2\">en savoir +<\/a>) <\/p>\n\n\n\n<p><strong>Total des subventions obtenues au 22\/04\/2024 : 541k\u20ac<\/strong>&nbsp;<\/p>\n\n\n\n<p><strong>Projet Public Factory<\/strong><\/p>\n\n\n\n<p><strong>R\u00e9sum\u00e9 du projet :&nbsp;&nbsp;<\/strong><\/p>\n\n\n\n<p>Une collaboration a \u00e9t\u00e9 mise en place avec la chaire Public Factory de Science Po Lyon afin d&rsquo;aider \u00e0 l&rsquo;\u00e9mergence de 3 tiers-lieux lormois en renfor\u00e7ant la participation citoyenne.&nbsp;<\/p>\n\n\n\n<p>Le sujet \u00e9tait : \u00ab\u00a0Associations et tiers-lieux, comment renforcer les liens et les communs au service des habitants ? <\/p>\n\n\n\n<p>Contribution au d\u00e9veloppement de trois tiers-lieux en cours de cr\u00e9ation \u00e0 Lormes (Ni\u00e8vre) : <\/p>\n\n\n\n<ul class=\"wp-block-list\">\n<li>Travail sur la maison des associations<\/li>\n<\/ul>\n\n\n\n<ul class=\"wp-block-list\">\n<li>Territoire Z\u00e9ro Ch\u00f4meurs de Longue Dur\u00e9e <\/li>\n<\/ul>\n\n\n\n<ul class=\"wp-block-list\">\n<li>Le Relai.s des Futurs<\/li>\n<\/ul>\n\n\n\n<p><strong>Les activit\u00e9s r\u00e9alis\u00e9es :&nbsp;&nbsp;<\/strong><\/p>\n\n\n\n<p>3 groupes d&rsquo;\u00e9tudiants (une douzaine au total) sont venus 1 fois 2 jours et 1 fois 3 jours en immersion dans les lieux et la ville de Lormes.&nbsp;<\/p>\n\n\n\n<p>Le travail d&rsquo;analyse terrain a permis aux \u00e9tudiant.e.s de formuler des propositions pour aider au d\u00e9veloppement des 3 tiers-lieux. <a href=\"https:\/\/lormes.sharepoint.com\/:b:\/s\/mairie\/Ea7aNCuiCStAgfgOrw-zLaYBbj09lY4kzKYvYthqy2m2vQ?e=4iLTTa\" target=\"_blank\" rel=\"noreferrer noopener\">Plus d&rsquo;infos<\/a>&nbsp;&nbsp;<\/p>\n\n\n\n<p><\/p>\n","protected":false},"excerpt":{"rendered":"<p>ICI Morvan : Manufacture locale de proximit\u00e9 R\u00e9sum\u00e9 du projet : ICI Morvan[1] est une manufacture rurale, collaborative et solidaire, de production et de comp\u00e9tences de 600\u2009m\u00b2 au c\u0153ur de la Bourgogne, dans le quartier des moulins \u00e0 Lormes, petite ville du futur dans la Ni\u00e8vre. Des r\u00e9sidences d&rsquo;artisans, d&rsquo;artisans d&rsquo;art, d&rsquo;artistes, designers : pour [&hellip;]<\/p>\n","protected":false},"author":3,"featured_media":0,"parent":0,"menu_order":0,"comment_status":"closed","ping_status":"closed","template":"","meta":{"site-sidebar-layout":"default","site-content-layout":"","ast-site-content-layout":"default","site-content-style":"default","site-sidebar-style":"default","ast-global-header-display":"","ast-banner-title-visibility":"","ast-main-header-display":"","ast-hfb-above-header-display":"","ast-hfb-below-header-display":"","ast-hfb-mobile-header-display":"","site-post-title":"","ast-breadcrumbs-content":"","ast-featured-img":"","footer-sml-layout":"","theme-transparent-header-meta":"","adv-header-id-meta":"","stick-header-meta":"","header-above-stick-meta":"","header-main-stick-meta":"","header-below-stick-meta":"","astra-migrate-meta-layouts":"set","ast-page-background-enabled":"default","ast-page-background-meta":{"desktop":{"background-color":"var(--ast-global-color-4)","background-image":"","background-repeat":"repeat","background-position":"center center","background-size":"auto","background-attachment":"scroll","background-type":"","background-media":"","overlay-type":"","overlay-color":"","overlay-opacity":"","overlay-gradient":""},"tablet":{"background-color":"","background-image":"","background-repeat":"repeat","background-position":"center center","background-size":"auto","background-attachment":"scroll","background-type":"","background-media":"","overlay-type":"","overlay-color":"","overlay-opacity":"","overlay-gradient":""},"mobile":{"background-color":"","background-image":"","background-repeat":"repeat","background-position":"center center","background-size":"auto","background-attachment":"scroll","background-type":"","background-media":"","overlay-type":"","overlay-color":"","overlay-opacity":"","overlay-gradient":""}},"ast-content-background-meta":{"desktop":{"background-color":"var(--ast-global-color-5)","background-image":"","background-repeat":"repeat","background-position":"center center","background-size":"auto","background-attachment":"scroll","background-type":"","background-media":"","overlay-type":"","overlay-color":"","overlay-opacity":"","overlay-gradient":""},"tablet":{"background-color":"var(--ast-global-color-5)","background-image":"","background-repeat":"repeat","background-position":"center center","background-size":"auto","background-attachment":"scroll","background-type":"","background-media":"","overlay-type":"","overlay-color":"","overlay-opacity":"","overlay-gradient":""},"mobile":{"background-color":"var(--ast-global-color-5)","background-image":"","background-repeat":"repeat","background-position":"center center","background-size":"auto","background-attachment":"scroll","background-type":"","background-media":"","overlay-type":"","overlay-color":"","overlay-opacity":"","overlay-gradient":""}},"footnotes":""},"class_list":["post-309","page","type-page","status-publish","hentry"],"_links":{"self":[{"href":"https:\/\/latisserie-lormes.fr\/index.php\/wp-json\/wp\/v2\/pages\/309","targetHints":{"allow":["GET"]}}],"collection":[{"href":"https:\/\/latisserie-lormes.fr\/index.php\/wp-json\/wp\/v2\/pages"}],"about":[{"href":"https:\/\/latisserie-lormes.fr\/index.php\/wp-json\/wp\/v2\/types\/page"}],"author":[{"embeddable":true,"href":"https:\/\/latisserie-lormes.fr\/index.php\/wp-json\/wp\/v2\/users\/3"}],"replies":[{"embeddable":true,"href":"https:\/\/latisserie-lormes.fr\/index.php\/wp-json\/wp\/v2\/comments?post=309"}],"version-history":[{"count":72,"href":"https:\/\/latisserie-lormes.fr\/index.php\/wp-json\/wp\/v2\/pages\/309\/revisions"}],"predecessor-version":[{"id":629,"href":"https:\/\/latisserie-lormes.fr\/index.php\/wp-json\/wp\/v2\/pages\/309\/revisions\/629"}],"wp:attachment":[{"href":"https:\/\/latisserie-lormes.fr\/index.php\/wp-json\/wp\/v2\/media?parent=309"}],"curies":[{"name":"wp","href":"https:\/\/api.w.org\/{rel}","templated":true}]}}